{"id":431,"date":"2025-12-14T20:11:26","date_gmt":"2025-12-14T20:11:26","guid":{"rendered":"https:\/\/www.bascules.social\/?page_id=431"},"modified":"2025-12-14T20:11:26","modified_gmt":"2025-12-14T20:11:26","slug":"ocl-organisation-communiste-libertaire","status":"publish","type":"page","link":"https:\/\/www.bascules.social\/?page_id=431","title":{"rendered":"OCL &#8211; Organisation Communiste Libertaire"},"content":{"rendered":"<div class=\"cartouche\">\n<h1 class=\"titre\">OCL\u00a0: Qui sommes nous\u00a0?<\/h1>\n<p><small>Dernier ajout : 16 novembre 2024.<\/small><\/p>\n<\/div>\n<div class=\"contre-encart\">\n<div class=\"rubriques\">\n<h2 class=\"menu-titre\">Sous-rubriques<\/h2>\n<ul>\n<li><a class=\"menu\" href=\"https:\/\/oclibertaire.lautre.net\/spip.php?rubrique8\">Qui sommes-nous\u00a0? <\/a><\/li>\n<li><a class=\"menu\" href=\"https:\/\/oclibertaire.lautre.net\/spip.php?rubrique9\">Site internet OCL <\/a><\/li>\n<li><a class=\"menu\" href=\"https:\/\/oclibertaire.lautre.net\/spip.php?rubrique107\">What we stand for ? <\/a><\/li>\n<li><a class=\"menu\" href=\"https:\/\/oclibertaire.lautre.net\/spip.php?rubrique122\">\u00bf Quie\u0301nes somos ? <\/a><\/li>\n<li><a class=\"menu\" href=\"https:\/\/oclibertaire.lautre.net\/spip.php?rubrique123\">\u0627\u0644\u0645\u0646\u0638\u0645\u0629 \u0627\u0644\u0634\u064a\u0648\u0639\u064a\u0629 \u0627\u0644\u062a\u062d\u0631\u0631\u064a\u0629 \u0645\u0646 \u0646\u062d\u0646\u061f <\/a><\/li>\n<li><a class=\"menu\" href=\"https:\/\/oclibertaire.lautre.net\/spip.php?rubrique124\">Quem somos ? <\/a><\/li>\n<li><a class=\"menu\" href=\"https:\/\/oclibertaire.lautre.net\/spip.php?rubrique142\">Vilka \u00e4r vi\u00a0? <\/a><\/li>\n<\/ul>\n<\/div>\n<div id=\"documents_joints\">\n<h2>titre documents joints<\/h2>\n<ul>\n<li>\n<div class=\"spip_doc_titre\"><a title=\"T\u00e9l\u00e9charger\" href=\"https:\/\/oclibertaire.lautre.net\/IMG\/pdf\/4pages.pdf\" type=\"application\/pdf\">Pr\u00e9sentation de l\u2019OCL (2008) <\/a> <small>(PDF &#8211; 89.4\u00a0kio)<\/small><\/div>\n<\/li>\n<\/ul>\n<\/div>\n<\/div>\n<hr \/>\n<p>\u27a1\u00a0 Lien direct vers le site : <a href=\"https:\/\/oclibertaire.lautre.net\/\" target=\"_blank\" rel=\"noopener\">https:\/\/oclibertaire.lautre.net\/<\/a><\/p>\n<h1 style=\"text-align: center;\">Le flux RSS d&rsquo;OCL &#8211; Organisation Communiste Libertaire<\/h1>\n<p><span class=\"text-gray-900 bg-gray-100 text-md font-normal py-[6px] px-[8px]\"><div class=\"wpra-display align\" data-display-id=\"6\" hx-target=\"this\" hx-swap=\"outerHTML\">    <div class=\"wp-rss-aggregator wpra-list-template \">\n        <ul class=\"rss-aggregator wpra-item-list wpra-item-list--bullets wpra-item-list--default\" start=\"1\">\n                <li class=\"wpra-item feed-item \">\n        <a href=\"https:\/\/oclibertaire.lautre.net\/spip.php?article4693\" class=\"\" target=\"_blank\" rel=\"noopener noreferrer nofollow\" style=\"\">Courant Alternatif n\u00b0 360 mai 2026<\/a>\n\n        <div class=\"wprss-feed-meta\">\n                <span class=\"feed-source\">\n        Source:  <a href=\"https:\/\/oclibertaire.lautre.net\/spip.php?page=backend\" class=\"\" target=\"_blank\" rel=\"noopener noreferrer nofollow\" style=\"\">OCL - Organisation Communiste Libertaire<\/a>\n    <\/span>\n                <span class=\"feed-date\">\n        Date:  2026-05-30\n    <\/span>\n            <span class=\"feed-author\">By Courant Alternatif<\/span>\n        <\/div>\n\n        \n    <\/li>    <li class=\"wpra-item feed-item \">\n        <a href=\"https:\/\/oclibertaire.lautre.net\/spip.php?article4672\" class=\"\" target=\"_blank\" rel=\"noopener noreferrer nofollow\" style=\"\">CA 359 Avril 2026<\/a>\n\n        <div class=\"wprss-feed-meta\">\n                <span class=\"feed-source\">\n        Source:  <a href=\"https:\/\/oclibertaire.lautre.net\/spip.php?page=backend\" class=\"\" target=\"_blank\" rel=\"noopener noreferrer nofollow\" style=\"\">OCL - Organisation Communiste Libertaire<\/a>\n    <\/span>\n                <span class=\"feed-date\">\n        Date:  2026-04-30\n    <\/span>\n            <span class=\"feed-author\">By Courant Alternatif<\/span>\n        <\/div>\n\n        \n    <\/li>    <li class=\"wpra-item feed-item \">\n        <a href=\"https:\/\/oclibertaire.lautre.net\/spip.php?article4692\" class=\"\" target=\"_blank\" rel=\"noopener noreferrer nofollow\" style=\"\">BIG BROTHER 359 avril 2026<\/a>\n\n        <div class=\"wprss-feed-meta\">\n                <span class=\"feed-source\">\n        Source:  <a href=\"https:\/\/oclibertaire.lautre.net\/spip.php?page=backend\" class=\"\" target=\"_blank\" rel=\"noopener noreferrer nofollow\" style=\"\">OCL - Organisation Communiste Libertaire<\/a>\n    <\/span>\n                <span class=\"feed-date\">\n        Date:  2026-04-30\n    <\/span>\n            <span class=\"feed-author\">By Courant Alternatif<\/span>\n        <\/div>\n\n        \n    <\/li>    <li class=\"wpra-item feed-item \">\n        <a href=\"https:\/\/oclibertaire.lautre.net\/spip.php?article4691\" class=\"\" target=\"_blank\" rel=\"noopener noreferrer nofollow\" style=\"\">Lutte des m\u00e9moires dans la vall\u00e9e de l'automobile<\/a>\n\n        <div class=\"wprss-feed-meta\">\n                <span class=\"feed-source\">\n        Source:  <a href=\"https:\/\/oclibertaire.lautre.net\/spip.php?page=backend\" class=\"\" target=\"_blank\" rel=\"noopener noreferrer nofollow\" style=\"\">OCL - Organisation Communiste Libertaire<\/a>\n    <\/span>\n                <span class=\"feed-date\">\n        Date:  2026-04-30\n    <\/span>\n            <span class=\"feed-author\">By Courant Alternatif<\/span>\n        <\/div>\n\n        \n    <\/li>    <li class=\"wpra-item feed-item \">\n        <a href=\"https:\/\/oclibertaire.lautre.net\/spip.php?article4689\" class=\"\" target=\"_blank\" rel=\"noopener noreferrer nofollow\" style=\"\">Retour de Cisjordanie\/ interview<\/a>\n\n        <div class=\"wprss-feed-meta\">\n                <span class=\"feed-source\">\n        Source:  <a href=\"https:\/\/oclibertaire.lautre.net\/spip.php?page=backend\" class=\"\" target=\"_blank\" rel=\"noopener noreferrer nofollow\" style=\"\">OCL - Organisation Communiste Libertaire<\/a>\n    <\/span>\n                <span class=\"feed-date\">\n        Date:  2026-04-29\n    <\/span>\n            <span class=\"feed-author\">By Courant Alternatif<\/span>\n        <\/div>\n\n        \n    <\/li>    <li class=\"wpra-item feed-item \">\n        <a href=\"https:\/\/oclibertaire.lautre.net\/spip.php?article4690\" class=\"\" target=\"_blank\" rel=\"noopener noreferrer nofollow\" style=\"\">Radio : Chronique de l'exploitation\u2026<\/a>\n\n        <div class=\"wprss-feed-meta\">\n                <span class=\"feed-source\">\n        Source:  <a href=\"https:\/\/oclibertaire.lautre.net\/spip.php?page=backend\" class=\"\" target=\"_blank\" rel=\"noopener noreferrer nofollow\" style=\"\">OCL - Organisation Communiste Libertaire<\/a>\n    <\/span>\n                <span class=\"feed-date\">\n        Date:  2026-04-28\n    <\/span>\n            <span class=\"feed-author\">By OCL Reims<\/span>\n        <\/div>\n\n        \n    <\/li>    <li class=\"wpra-item feed-item \">\n        <a href=\"https:\/\/oclibertaire.lautre.net\/spip.php?article4688\" class=\"\" target=\"_blank\" rel=\"noopener noreferrer nofollow\" style=\"\">Iran- Isra\u00ebl, de l'entente \u00e0 l'an\u00e9antissement<\/a>\n\n        <div class=\"wprss-feed-meta\">\n                <span class=\"feed-source\">\n        Source:  <a href=\"https:\/\/oclibertaire.lautre.net\/spip.php?page=backend\" class=\"\" target=\"_blank\" rel=\"noopener noreferrer nofollow\" style=\"\">OCL - Organisation Communiste Libertaire<\/a>\n    <\/span>\n                <span class=\"feed-date\">\n        Date:  2026-04-27\n    <\/span>\n            <span class=\"feed-author\">By Courant Alternatif<\/span>\n        <\/div>\n\n        \n    <\/li>    <li class=\"wpra-item feed-item \">\n        <a href=\"https:\/\/oclibertaire.lautre.net\/spip.php?article4686\" class=\"\" target=\"_blank\" rel=\"noopener noreferrer nofollow\" style=\"\">Iran. Une r\u00e9p\u00e9tition g\u00e9n\u00e9rale ?<\/a>\n\n        <div class=\"wprss-feed-meta\">\n                <span class=\"feed-source\">\n        Source:  <a href=\"https:\/\/oclibertaire.lautre.net\/spip.php?page=backend\" class=\"\" target=\"_blank\" rel=\"noopener noreferrer nofollow\" style=\"\">OCL - Organisation Communiste Libertaire<\/a>\n    <\/span>\n                <span class=\"feed-date\">\n        Date:  2026-04-26\n    <\/span>\n            <span class=\"feed-author\">By Courant Alternatif<\/span>\n        <\/div>\n\n        \n    <\/li>    <li class=\"wpra-item feed-item \">\n        <a href=\"https:\/\/oclibertaire.lautre.net\/spip.php?article4682\" class=\"\" target=\"_blank\" rel=\"noopener noreferrer nofollow\" style=\"\">Stop Newcleo !<\/a>\n\n        <div class=\"wprss-feed-meta\">\n                <span class=\"feed-source\">\n        Source:  <a href=\"https:\/\/oclibertaire.lautre.net\/spip.php?page=backend\" class=\"\" target=\"_blank\" rel=\"noopener noreferrer nofollow\" style=\"\">OCL - Organisation Communiste Libertaire<\/a>\n    <\/span>\n                <span class=\"feed-date\">\n        Date:  2026-04-24\n    <\/span>\n            <span class=\"feed-author\">By Courant Alternatif<\/span>\n        <\/div>\n\n        \n    <\/li>    <li class=\"wpra-item feed-item \">\n        <a href=\"https:\/\/oclibertaire.lautre.net\/spip.php?article4687\" class=\"\" target=\"_blank\" rel=\"noopener noreferrer nofollow\" style=\"\">Radio : De nouvelles attaques contre les pr\u00e9caires<\/a>\n\n        <div class=\"wprss-feed-meta\">\n                <span class=\"feed-source\">\n        Source:  <a href=\"https:\/\/oclibertaire.lautre.net\/spip.php?page=backend\" class=\"\" target=\"_blank\" rel=\"noopener noreferrer nofollow\" style=\"\">OCL - Organisation Communiste Libertaire<\/a>\n    <\/span>\n                <span class=\"feed-date\">\n        Date:  2026-04-20\n    <\/span>\n            <span class=\"feed-author\">By OCL Reims<\/span>\n        <\/div>\n\n        \n    <\/li>    <li class=\"wpra-item feed-item \">\n        <a href=\"https:\/\/oclibertaire.lautre.net\/spip.php?article4681\" class=\"\" target=\"_blank\" rel=\"noopener noreferrer nofollow\" style=\"\">BURE : Quelques nouvelles de la lutte<\/a>\n\n        <div class=\"wprss-feed-meta\">\n                <span class=\"feed-source\">\n        Source:  <a href=\"https:\/\/oclibertaire.lautre.net\/spip.php?page=backend\" class=\"\" target=\"_blank\" rel=\"noopener noreferrer nofollow\" style=\"\">OCL - Organisation Communiste Libertaire<\/a>\n    <\/span>\n                <span class=\"feed-date\">\n        Date:  2026-04-20\n    <\/span>\n            <span class=\"feed-author\">By Courant Alternatif<\/span>\n        <\/div>\n\n        \n    <\/li>    <li class=\"wpra-item feed-item \">\n        <a href=\"https:\/\/oclibertaire.lautre.net\/spip.php?article4680\" class=\"\" target=\"_blank\" rel=\"noopener noreferrer nofollow\" style=\"\">PPE : plus de nucl\u00e9aire, moins de d\u00e9mocratie<\/a>\n\n        <div class=\"wprss-feed-meta\">\n                <span class=\"feed-source\">\n        Source:  <a href=\"https:\/\/oclibertaire.lautre.net\/spip.php?page=backend\" class=\"\" target=\"_blank\" rel=\"noopener noreferrer nofollow\" style=\"\">OCL - Organisation Communiste Libertaire<\/a>\n    <\/span>\n                <span class=\"feed-date\">\n        Date:  2026-04-18\n    <\/span>\n            <span class=\"feed-author\">By Courant Alternatif<\/span>\n        <\/div>\n\n        \n    <\/li>    <li class=\"wpra-item feed-item \">\n        <a href=\"https:\/\/oclibertaire.lautre.net\/spip.php?article4684\" class=\"\" target=\"_blank\" rel=\"noopener noreferrer nofollow\" style=\"\">Proc\u00e8s des inculp\u00e9\u00b7es du 15 juin 2021<\/a>\n\n        <div class=\"wprss-feed-meta\">\n                <span class=\"feed-source\">\n        Source:  <a href=\"https:\/\/oclibertaire.lautre.net\/spip.php?page=backend\" class=\"\" target=\"_blank\" rel=\"noopener noreferrer nofollow\" style=\"\">OCL - Organisation Communiste Libertaire<\/a>\n    <\/span>\n                <span class=\"feed-date\">\n        Date:  2026-04-17\n    <\/span>\n            <span class=\"feed-author\">By Courant Alternatif<\/span>\n        <\/div>\n\n        \n    <\/li>    <li class=\"wpra-item feed-item \">\n        <a href=\"https:\/\/oclibertaire.lautre.net\/spip.php?article4685\" class=\"\" target=\"_blank\" rel=\"noopener noreferrer nofollow\" style=\"\">Ariane Gransac est d\u00e9c\u00e9d\u00e9e, une vie intense, rebelle et anarchiste<\/a>\n\n        <div class=\"wprss-feed-meta\">\n                <span class=\"feed-source\">\n        Source:  <a href=\"https:\/\/oclibertaire.lautre.net\/spip.php?page=backend\" class=\"\" target=\"_blank\" rel=\"noopener noreferrer nofollow\" style=\"\">OCL - Organisation Communiste Libertaire<\/a>\n    <\/span>\n                <span class=\"feed-date\">\n        Date:  2026-04-16\n    <\/span>\n            <span class=\"feed-author\">By admin x<\/span>\n        <\/div>\n\n        \n    <\/li>    <li class=\"wpra-item feed-item \">\n        <a href=\"https:\/\/oclibertaire.lautre.net\/spip.php?article4683\" class=\"\" target=\"_blank\" rel=\"noopener noreferrer nofollow\" style=\"\">L'organisation des secours, un outil de la r\u00e9pression<\/a>\n\n        <div class=\"wprss-feed-meta\">\n                <span class=\"feed-source\">\n        Source:  <a href=\"https:\/\/oclibertaire.lautre.net\/spip.php?page=backend\" class=\"\" target=\"_blank\" rel=\"noopener noreferrer nofollow\" style=\"\">OCL - Organisation Communiste Libertaire<\/a>\n    <\/span>\n                <span class=\"feed-date\">\n        Date:  2026-04-16\n    <\/span>\n            <span class=\"feed-author\">By Courant Alternatif<\/span>\n        <\/div>\n\n        \n    <\/li>\n        <\/ul>\n    <\/div> <\/div><\/span><\/p>\n","protected":false},"excerpt":{"rendered":"<p>OCL\u00a0: Qui sommes nous\u00a0? Dernier ajout : 16 novembre 2024. Sous-rubriques Qui sommes-nous\u00a0? Site internet<\/p>\n","protected":false},"author":1,"featured_media":432,"parent":172,"menu_order":5,"comment_status":"closed","ping_status":"closed","template":"","meta":{"footnotes":""},"class_list":["post-431","page","type-page","status-publish","has-post-thumbnail","hentry"],"_links":{"self":[{"href":"https:\/\/www.bascules.social\/index.php?rest_route=\/wp\/v2\/pages\/431","targetHints":{"allow":["GET"]}}],"collection":[{"href":"https:\/\/www.bascules.social\/index.php?rest_route=\/wp\/v2\/pages"}],"about":[{"href":"https:\/\/www.bascules.social\/index.php?rest_route=\/wp\/v2\/types\/page"}],"author":[{"embeddable":true,"href":"https:\/\/www.bascules.social\/index.php?rest_route=\/wp\/v2\/users\/1"}],"replies":[{"embeddable":true,"href":"https:\/\/www.bascules.social\/index.php?rest_route=%2Fwp%2Fv2%2Fcomments&post=431"}],"version-history":[{"count":1,"href":"https:\/\/www.bascules.social\/index.php?rest_route=\/wp\/v2\/pages\/431\/revisions"}],"predecessor-version":[{"id":433,"href":"https:\/\/www.bascules.social\/index.php?rest_route=\/wp\/v2\/pages\/431\/revisions\/433"}],"up":[{"embeddable":true,"href":"https:\/\/www.bascules.social\/index.php?rest_route=\/wp\/v2\/pages\/172"}],"wp:featuredmedia":[{"embeddable":true,"href":"https:\/\/www.bascules.social\/index.php?rest_route=\/wp\/v2\/media\/432"}],"wp:attachment":[{"href":"https:\/\/www.bascules.social\/index.php?rest_route=%2Fwp%2Fv2%2Fmedia&parent=431"}],"curies":[{"name":"wp","href":"https:\/\/api.w.org\/{rel}","templated":true}]}}