{"id":294,"date":"2025-11-19T20:27:07","date_gmt":"2025-11-19T20:27:07","guid":{"rendered":"https:\/\/www.bascules.social\/?page_id=294"},"modified":"2025-11-19T20:27:07","modified_gmt":"2025-11-19T20:27:07","slug":"enlace-zapatista-chiapas","status":"publish","type":"page","link":"https:\/\/www.bascules.social\/?page_id=294","title":{"rendered":"Enlace Zapatista &#8211; Chiapas"},"content":{"rendered":"<h1 style=\"text-align: center;\">RSS de Enlace Zapatista:<\/h1>\n<p><span class=\"text-gray-900 bg-gray-100 text-md font-normal py-[6px] px-[8px]\"><div class=\"wpra-display align\" data-display-id=\"4\" hx-target=\"this\" hx-swap=\"outerHTML\">    <div class=\"wp-rss-aggregator wpra-list-template \">\n        <ul class=\"rss-aggregator wpra-item-list wpra-item-list--bullets wpra-item-list--default\" start=\"1\">\n                <li class=\"wpra-item feed-item \">\n        <a href=\"https:\/\/enlacezapatista.ezln.org.mx\/2026\/04\/18\/%CE%BF-%CE%BA%CE%B1%CF%84%CE%B1%CF%81%CE%B1%CE%BC%CE%AD%CE%BD%CE%BF%CF%82-%CE%BA%CE%B1%CE%B9-%CF%84%CE%B1-%CE%BC%CF%85%CF%81%CE%BC%CE%AE%CE%B3%CE%BA%CE%B9%CE%B1-%CE%BF-%CE%AD%CF%81%CF%89%CF%84%CE%B1\/\" class=\"\" target=\"_blank\" rel=\"noopener noreferrer nofollow\" style=\"\">\u039f \u039a\u03b1\u03c4\u03b1\u03c1\u03b1\u03bc\u03ad\u03bd\u03bf\u03c2 \u03ba\u03b1\u03b9 \u03c4\u03b1 \u039c\u03c5\u03c1\u03bc\u03ae\u03b3\u03ba\u03b9\u03b1 (\u03bf \u03ad\u03c1\u03c9\u03c4\u03b1\u03c2 \u03ba\u03b1\u03b9 \u03b7 \u03b1\u03c0\u03bf\u03c5\u03c3\u03af\u03b1 \u03c4\u03bf\u03c5 \u03c3\u03cd\u03bc\u03c6\u03c9\u03bd\u03b1 \u03bc\u03b5 \u03ad\u03bd\u03b1 \u03b1\u03b3\u03bf\u03c1\u03ac\u03ba\u03b9 \u03b6\u03b1\u03c0\u03b1\u03c4\u03af\u03c3\u03c4\u03b1)<\/a>\n\n        <div class=\"wprss-feed-meta\">\n                <span class=\"feed-source\">\n        Source:  <a href=\"http:\/\/enlacezapatista.ezln.org.mx\/feed\/\" class=\"\" target=\"_blank\" rel=\"noopener noreferrer nofollow\" style=\"\">Enlace Zapatista<\/a>\n    <\/span>\n                <span class=\"feed-date\">\n        Date:  2026-04-18\n    <\/span>\n            <span class=\"feed-author\">By Administrador<\/span>\n        <\/div>\n\n        \n    <\/li>    <li class=\"wpra-item feed-item \">\n        <a href=\"https:\/\/enlacezapatista.ezln.org.mx\/2026\/04\/13\/la-casa-de-los-pueblos-y-comunidades-indigenas-samir-flores-soberanes-invitan-al-tokin-por-el-cni-30-anos-de-resistencia-y-rebeldia-este-25-de-abril-de-1100-a-2300-hrs-en-el-caf\/\" class=\"\" target=\"_blank\" rel=\"noopener noreferrer nofollow\" style=\"\">La Casa de los Pueblos y Comunidades Ind\u00edgenas \u201cSamir Flores Soberanes\u201d invitan al Tok\u00edn por el CNI, 30 a\u00f1os de Resistencia y Rebeld\u00eda, este 25 de abril, DE 11:00 a 23:00 HRS en el Caf\u00e9 Zapata Vive<\/a>\n\n        <div class=\"wprss-feed-meta\">\n                <span class=\"feed-source\">\n        Source:  <a href=\"http:\/\/enlacezapatista.ezln.org.mx\/feed\/\" class=\"\" target=\"_blank\" rel=\"noopener noreferrer nofollow\" style=\"\">Enlace Zapatista<\/a>\n    <\/span>\n                <span class=\"feed-date\">\n        Date:  2026-04-13\n    <\/span>\n            <span class=\"feed-author\">By Administrador<\/span>\n        <\/div>\n\n        \n    <\/li>    <li class=\"wpra-item feed-item \">\n        <a href=\"https:\/\/enlacezapatista.ezln.org.mx\/2026\/04\/12\/lart-est-une-malediction\/\" class=\"\" target=\"_blank\" rel=\"noopener noreferrer nofollow\" style=\"\">L\u2019ART EST UNE MAL\u00c9DICTION<\/a>\n\n        <div class=\"wprss-feed-meta\">\n                <span class=\"feed-source\">\n        Source:  <a href=\"http:\/\/enlacezapatista.ezln.org.mx\/feed\/\" class=\"\" target=\"_blank\" rel=\"noopener noreferrer nofollow\" style=\"\">Enlace Zapatista<\/a>\n    <\/span>\n                <span class=\"feed-date\">\n        Date:  2026-04-13\n    <\/span>\n            <span class=\"feed-author\">By Administrador<\/span>\n        <\/div>\n\n        \n    <\/li>    <li class=\"wpra-item feed-item \">\n        <a href=\"https:\/\/enlacezapatista.ezln.org.mx\/2026\/04\/07\/los-suenos-que-compartimos-puelmapu-encuentro-para-el-pensamiento-critico-arte-resistencia-y-rebeldia-resignarte-u-organizarte-sabado-11-de-abril-1600-hs-en-corazon-del-tiempo\/\" class=\"\" target=\"_blank\" rel=\"noopener noreferrer nofollow\" style=\"\">\u201cLOS SUE\u00d1OS QUE COMPARTIMOS\u201d PUELMAPU Encuentro para el pensamiento cr\u00edtico, arte, resistencia y rebeld\u00eda. RESIGNARTE U ORGANIZARTE S\u00e1bado 11 de Abril. 16:00 hs. en Coraz\u00f3n del tiempo<\/a>\n\n        <div class=\"wprss-feed-meta\">\n                <span class=\"feed-source\">\n        Source:  <a href=\"http:\/\/enlacezapatista.ezln.org.mx\/feed\/\" class=\"\" target=\"_blank\" rel=\"noopener noreferrer nofollow\" style=\"\">Enlace Zapatista<\/a>\n    <\/span>\n                <span class=\"feed-date\">\n        Date:  2026-04-07\n    <\/span>\n            <span class=\"feed-author\">By Administrador<\/span>\n        <\/div>\n\n        \n    <\/li>    <li class=\"wpra-item feed-item \">\n        <a href=\"https:\/\/enlacezapatista.ezln.org.mx\/2026\/04\/04\/transmision-en-vivo-de-la-sexta-sesion-sabado-4-de-abril-del-2026-1300-hrs-semillero-abril-del-2026-la-tormenta-dentro-y-fuera-segun-las-comunidades-y-pueblos-zapatistas\/\" class=\"\" target=\"_blank\" rel=\"noopener noreferrer nofollow\" style=\"\">Transmisi\u00f3n en Vivo de la Sexta Sesi\u00f3n, s\u00e1bado 4 de abril del 2026, 1800 hrs. Semillero Abril del 2026. La Tormenta dentro y fuera seg\u00fan las comunidades y pueblos zapatistas<\/a>\n\n        <div class=\"wprss-feed-meta\">\n                <span class=\"feed-source\">\n        Source:  <a href=\"http:\/\/enlacezapatista.ezln.org.mx\/feed\/\" class=\"\" target=\"_blank\" rel=\"noopener noreferrer nofollow\" style=\"\">Enlace Zapatista<\/a>\n    <\/span>\n                <span class=\"feed-date\">\n        Date:  2026-04-05\n    <\/span>\n            <span class=\"feed-author\">By Administrador<\/span>\n        <\/div>\n\n        \n    <\/li>    <li class=\"wpra-item feed-item \">\n        <a href=\"https:\/\/enlacezapatista.ezln.org.mx\/2026\/04\/04\/quinta-sesion-sabado-4-de-abril-del-2026-1300-hrs-semillero-abril-del-2026-la-tormenta-dentro-y-fuera-segun-las-comunidades-y-pueblos-zapatistas\/\" class=\"\" target=\"_blank\" rel=\"noopener noreferrer nofollow\" style=\"\">Quinta Sesi\u00f3n, s\u00e1bado 4 de abril del 2026, 1300 hrs. Semillero Abril del 2026. La Tormenta dentro y fuera seg\u00fan las comunidades y pueblos zapatistas<\/a>\n\n        <div class=\"wprss-feed-meta\">\n                <span class=\"feed-source\">\n        Source:  <a href=\"http:\/\/enlacezapatista.ezln.org.mx\/feed\/\" class=\"\" target=\"_blank\" rel=\"noopener noreferrer nofollow\" style=\"\">Enlace Zapatista<\/a>\n    <\/span>\n                <span class=\"feed-date\">\n        Date:  2026-04-04\n    <\/span>\n            <span class=\"feed-author\">By Administrador<\/span>\n        <\/div>\n\n        \n    <\/li>    <li class=\"wpra-item feed-item \">\n        <a href=\"https:\/\/enlacezapatista.ezln.org.mx\/2026\/04\/03\/cuarta-sesion-viernes-3-de-abril-del-2026-1800-hrs-semillero-abril-del-2026-la-tormenta-dentro-y-fuera-segun-las-comunidades-y-pueblos-zapatistas\/\" class=\"\" target=\"_blank\" rel=\"noopener noreferrer nofollow\" style=\"\">Cuarta Sesi\u00f3n, viernes 3 de abril del 2026, 1800 hrs. Semillero Abril del 2026. La Tormenta dentro y fuera seg\u00fan las comunidades y pueblos zapatistas<\/a>\n\n        <div class=\"wprss-feed-meta\">\n                <span class=\"feed-source\">\n        Source:  <a href=\"http:\/\/enlacezapatista.ezln.org.mx\/feed\/\" class=\"\" target=\"_blank\" rel=\"noopener noreferrer nofollow\" style=\"\">Enlace Zapatista<\/a>\n    <\/span>\n                <span class=\"feed-date\">\n        Date:  2026-04-04\n    <\/span>\n            <span class=\"feed-author\">By Administrador<\/span>\n        <\/div>\n\n        \n    <\/li>    <li class=\"wpra-item feed-item \">\n        <a href=\"https:\/\/enlacezapatista.ezln.org.mx\/2026\/04\/03\/%CE%B7-%CF%84%CE%B5%CF%87%CE%BD%CE%B7-%CE%B5%CE%B9%CE%BD%CE%B1%CE%B9-%CE%BA%CE%B1%CF%84%CE%B1%CF%81%CE%B1\/\" class=\"\" target=\"_blank\" rel=\"noopener noreferrer nofollow\" style=\"\">\u0397 \u03a4\u0395\u03a7\u039d\u0397 \u0395\u0399\u039d\u0391\u0399 \u039a\u0391\u03a4\u0391\u03a1\u0391<\/a>\n\n        <div class=\"wprss-feed-meta\">\n                <span class=\"feed-source\">\n        Source:  <a href=\"http:\/\/enlacezapatista.ezln.org.mx\/feed\/\" class=\"\" target=\"_blank\" rel=\"noopener noreferrer nofollow\" style=\"\">Enlace Zapatista<\/a>\n    <\/span>\n                <span class=\"feed-date\">\n        Date:  2026-04-03\n    <\/span>\n            <span class=\"feed-author\">By Administrador<\/span>\n        <\/div>\n\n        \n    <\/li>    <li class=\"wpra-item feed-item \">\n        <a href=\"https:\/\/enlacezapatista.ezln.org.mx\/2026\/04\/03\/dis-leur-que-nous-devons-resister-que-nous-devons-nous-rebeller-que-nous-devons-vivre-lettre-du-sous-commandant-insurge-moises-a-luis-de-tavira\/\" class=\"\" target=\"_blank\" rel=\"noopener noreferrer nofollow\" style=\"\">DIS-LEUR QUE NOUS DEVONS R\u00c9SISTER, QUE NOUS DEVONS NOUS REBELLER, QUE NOUS DEVONS VIVRE. LETTRE DU SOUS-COMMANDANT INSURG\u00c9 MOIS\u00c9S \u00c0 LUIS DE TAVIRA<\/a>\n\n        <div class=\"wprss-feed-meta\">\n                <span class=\"feed-source\">\n        Source:  <a href=\"http:\/\/enlacezapatista.ezln.org.mx\/feed\/\" class=\"\" target=\"_blank\" rel=\"noopener noreferrer nofollow\" style=\"\">Enlace Zapatista<\/a>\n    <\/span>\n                <span class=\"feed-date\">\n        Date:  2026-04-03\n    <\/span>\n            <span class=\"feed-author\">By Administrador<\/span>\n        <\/div>\n\n        \n    <\/li>    <li class=\"wpra-item feed-item \">\n        <a href=\"https:\/\/enlacezapatista.ezln.org.mx\/2026\/04\/03\/programm-des-semillero-seminar-saatfeld-der-comision-sexta-der-innere-und-der-ausere-sturm-gemas-den-zapatistischen-comunidades-und-pueblos-2-3-und-4-april-2026-ort-cideci-san-cris\/\" class=\"\" target=\"_blank\" rel=\"noopener noreferrer nofollow\" style=\"\">Programm des Semillero-Seminar-Saatfeld der Comisi\u00f3n Sexta: Der innere und der \u00e4u\u00dfere Sturm \u2013 gem\u00e4\u00df den zapatistischen Comunidades und Pueblos. 2., 3. und 4. April 2026. Ort: CIDECI, San Crist\u00f3bal de las Casas, Chiapas, Mexiko.<\/a>\n\n        <div class=\"wprss-feed-meta\">\n                <span class=\"feed-source\">\n        Source:  <a href=\"http:\/\/enlacezapatista.ezln.org.mx\/feed\/\" class=\"\" target=\"_blank\" rel=\"noopener noreferrer nofollow\" style=\"\">Enlace Zapatista<\/a>\n    <\/span>\n                <span class=\"feed-date\">\n        Date:  2026-04-03\n    <\/span>\n            <span class=\"feed-author\">By Administrador<\/span>\n        <\/div>\n\n        \n    <\/li>    <li class=\"wpra-item feed-item \">\n        <a href=\"https:\/\/enlacezapatista.ezln.org.mx\/2026\/04\/03\/tercera-sesion-viernes-3-de-abril-del-2026-1300-hrs-semillero-abril-del-2026-la-tormenta-dentro-y-fuera-segun-las-comunidades-y-pueblos-zapatistas-2\/\" class=\"\" target=\"_blank\" rel=\"noopener noreferrer nofollow\" style=\"\">Tercera Sesi\u00f3n, viernes 3 de abril del 2026, 1300 hrs. Semillero Abril del 2026. La Tormenta dentro y fuera seg\u00fan las comunidades y pueblos zapatistas<\/a>\n\n        <div class=\"wprss-feed-meta\">\n                <span class=\"feed-source\">\n        Source:  <a href=\"http:\/\/enlacezapatista.ezln.org.mx\/feed\/\" class=\"\" target=\"_blank\" rel=\"noopener noreferrer nofollow\" style=\"\">Enlace Zapatista<\/a>\n    <\/span>\n                <span class=\"feed-date\">\n        Date:  2026-04-03\n    <\/span>\n            <span class=\"feed-author\">By Administrador<\/span>\n        <\/div>\n\n        \n    <\/li>    <li class=\"wpra-item feed-item \">\n        <a href=\"https:\/\/enlacezapatista.ezln.org.mx\/2026\/04\/02\/transmision-en-vivo-segunda-sesion-jueves-2-de-abril-del-2026-1700-hrs-semillero-abril-del-2026-la-tormenta-dentro-y-fuera-segun-las-comunidades-y-pueblos-zapatistas\/\" class=\"\" target=\"_blank\" rel=\"noopener noreferrer nofollow\" style=\"\">TRANSMISI\u00d3N EN VIVO SEGUNDA SESI\u00d3N Jueves 2 de abril del 2026: 1700 hrs. Semillero Abril del 2026. La Tormenta dentro y fuera seg\u00fan las comunidades y pueblos zapatistas.<\/a>\n\n        <div class=\"wprss-feed-meta\">\n                <span class=\"feed-source\">\n        Source:  <a href=\"http:\/\/enlacezapatista.ezln.org.mx\/feed\/\" class=\"\" target=\"_blank\" rel=\"noopener noreferrer nofollow\" style=\"\">Enlace Zapatista<\/a>\n    <\/span>\n                <span class=\"feed-date\">\n        Date:  2026-04-02\n    <\/span>\n            <span class=\"feed-author\">By Administrador<\/span>\n        <\/div>\n\n        \n    <\/li>    <li class=\"wpra-item feed-item \">\n        <a href=\"https:\/\/enlacezapatista.ezln.org.mx\/2026\/04\/02\/transmision-en-vivo-la-tormenta-dentro-y-fuera-segun-las-comunidades-y-pueblos-zapatistas-cideci-de-san-cristobal-de-las-casas-chiapas-mexico-jueves-2-de-abril-del-2026-1300-hrs\/\" class=\"\" target=\"_blank\" rel=\"noopener noreferrer nofollow\" style=\"\">TRANSMISI\u00d3N EN VIVO La Tormenta dentro y fuera seg\u00fan las comunidades y pueblos zapatistas. CIDECI de San Crist\u00f3bal de las Casas, Chiapas, M\u00e9xico. Jueves 2 de abril del 2026: 1300 hrs.<\/a>\n\n        <div class=\"wprss-feed-meta\">\n                <span class=\"feed-source\">\n        Source:  <a href=\"http:\/\/enlacezapatista.ezln.org.mx\/feed\/\" class=\"\" target=\"_blank\" rel=\"noopener noreferrer nofollow\" style=\"\">Enlace Zapatista<\/a>\n    <\/span>\n                <span class=\"feed-date\">\n        Date:  2026-04-02\n    <\/span>\n            <span class=\"feed-author\">By Administrador<\/span>\n        <\/div>\n\n        \n    <\/li>    <li class=\"wpra-item feed-item \">\n        <a href=\"https:\/\/enlacezapatista.ezln.org.mx\/2026\/03\/29\/programa-semillero-abril-del-2026-la-tormenta-dentro-y-fuera-segun-las-comunidades-y-pueblos-zapatistas-sede-cideci-de-san-cristobal-de-las-casas-chiapas-mexico\/\" class=\"\" target=\"_blank\" rel=\"noopener noreferrer nofollow\" style=\"\">Programa Semillero Abril del 2026. La Tormenta dentro y fuera seg\u00fan las comunidades y pueblos zapatistas. Sede: CIDECI de San Crist\u00f3bal de las Casas, Chiapas, M\u00e9xico.<\/a>\n\n        <div class=\"wprss-feed-meta\">\n                <span class=\"feed-source\">\n        Source:  <a href=\"http:\/\/enlacezapatista.ezln.org.mx\/feed\/\" class=\"\" target=\"_blank\" rel=\"noopener noreferrer nofollow\" style=\"\">Enlace Zapatista<\/a>\n    <\/span>\n                <span class=\"feed-date\">\n        Date:  2026-03-29\n    <\/span>\n            <span class=\"feed-author\">By Administrador<\/span>\n        <\/div>\n\n        \n    <\/li>    <li class=\"wpra-item feed-item \">\n        <a href=\"https:\/\/enlacezapatista.ezln.org.mx\/2026\/03\/23\/%CF%80%CF%81%CF%8C%CF%83%CE%BA%CE%BB%CE%B7%CF%83%CE%B7-%CF%84%CE%BF%CF%85-ezln-%CF%83%CE%B5-%CE%B7%CE%BC%CE%AD%CF%81%CE%B5%CF%82-%CE%BA%CF%81%CE%B9%CF%84%CE%B9%CE%BA%CE%AE%CF%82-%CF%83%CE%BA%CE%AD\/\" class=\"\" target=\"_blank\" rel=\"noopener noreferrer nofollow\" style=\"\">\u03a0\u03c1\u03cc\u03c3\u03ba\u03bb\u03b7\u03c3\u03b7 \u03c4\u03bf\u03c5 EZLN \u03c3\u03b5 \u0397\u03bc\u03ad\u03c1\u03b5\u03c2 \u039a\u03c1\u03b9\u03c4\u03b9\u03ba\u03ae\u03c2 \u03a3\u03ba\u03ad\u03c8\u03b7\u03c2, \u03a4\u03ad\u03c7\u03bd\u03b7\u03c2, \u0391\u03bd\u03c4\u03af\u03c3\u03c4\u03b1\u03c3\u03b7\u03c2 \u03ba\u03b1\u03b9 \u0395\u03be\u03ad\u03b3\u03b5\u03c1\u03c3\u03b7\u03c2 \u00abResignARTE u OrganizARTE\u00bb \u03bc\u03ad\u03c3\u03b1 \u03c3\u03c4\u03bf 2026.<\/a>\n\n        <div class=\"wprss-feed-meta\">\n                <span class=\"feed-source\">\n        Source:  <a href=\"http:\/\/enlacezapatista.ezln.org.mx\/feed\/\" class=\"\" target=\"_blank\" rel=\"noopener noreferrer nofollow\" style=\"\">Enlace Zapatista<\/a>\n    <\/span>\n                <span class=\"feed-date\">\n        Date:  2026-03-24\n    <\/span>\n            <span class=\"feed-author\">By Administrador<\/span>\n        <\/div>\n\n        \n    <\/li>\n        <\/ul>\n    <\/div> <\/div><\/span><\/p>\n","protected":false},"excerpt":{"rendered":"<p>RSS de Enlace Zapatista:<\/p>\n","protected":false},"author":1,"featured_media":295,"parent":282,"menu_order":0,"comment_status":"closed","ping_status":"closed","template":"","meta":{"footnotes":""},"class_list":["post-294","page","type-page","status-publish","has-post-thumbnail","hentry"],"_links":{"self":[{"href":"https:\/\/www.bascules.social\/index.php?rest_route=\/wp\/v2\/pages\/294","targetHints":{"allow":["GET"]}}],"collection":[{"href":"https:\/\/www.bascules.social\/index.php?rest_route=\/wp\/v2\/pages"}],"about":[{"href":"https:\/\/www.bascules.social\/index.php?rest_route=\/wp\/v2\/types\/page"}],"author":[{"embeddable":true,"href":"https:\/\/www.bascules.social\/index.php?rest_route=\/wp\/v2\/users\/1"}],"replies":[{"embeddable":true,"href":"https:\/\/www.bascules.social\/index.php?rest_route=%2Fwp%2Fv2%2Fcomments&post=294"}],"version-history":[{"count":1,"href":"https:\/\/www.bascules.social\/index.php?rest_route=\/wp\/v2\/pages\/294\/revisions"}],"predecessor-version":[{"id":311,"href":"https:\/\/www.bascules.social\/index.php?rest_route=\/wp\/v2\/pages\/294\/revisions\/311"}],"up":[{"embeddable":true,"href":"https:\/\/www.bascules.social\/index.php?rest_route=\/wp\/v2\/pages\/282"}],"wp:featuredmedia":[{"embeddable":true,"href":"https:\/\/www.bascules.social\/index.php?rest_route=\/wp\/v2\/media\/295"}],"wp:attachment":[{"href":"https:\/\/www.bascules.social\/index.php?rest_route=%2Fwp%2Fv2%2Fmedia&parent=294"}],"curies":[{"name":"wp","href":"https:\/\/api.w.org\/{rel}","templated":true}]}}