{"id":228,"date":"2025-11-19T16:28:09","date_gmt":"2025-11-19T16:28:09","guid":{"rendered":"https:\/\/www.bascules.social\/?page_id=228"},"modified":"2025-11-19T16:28:09","modified_gmt":"2025-11-19T16:28:09","slug":"ecologie-sociale-ch","status":"publish","type":"page","link":"https:\/\/www.bascules.social\/?page_id=228","title":{"rendered":"Ecologie Sociale.ch"},"content":{"rendered":"<div class=\"entry-content\">\n<h2 style=\"text-align: center;\">Portail francophone de l\u2019\u00e9cologie sociale<\/h2>\n<p style=\"text-align: justify;\"><strong>L\u2019\u00e9cologie sociale est une branche de l\u2019\u00e9cologie radicale, th\u00e9oris\u00e9 \u00e0 l\u2019origine par Murray Bookchin \u00e0 partir des ann\u00e9es 60. Elle cherche la mise en place d\u2019une soci\u00e9t\u00e9 \u00e9cologique et d\u00e9centralis\u00e9e, sous la forme politique d\u2019une conf\u00e9d\u00e9ration d\u00e9mocratique. Conscient que les probl\u00e8mes \u00e9cologiques d\u00e9coulent de probl\u00e8mes sociaux, elle cherche \u00e0 r\u00e9soudre conjointement ces deux questions, notamment par la promotion de citoyennes et citoyens acteurs et gestionnaires de leur communaut\u00e9.<\/strong><\/p>\n<p style=\"text-align: justify;\">Ce site a pour but de proposer des informations de bases en langue fran\u00e7aise concernant l\u2019\u00e9cologie sociale, tout en apportant des ouvertures pour aller plus loin dans la r\u00e9flexion autour de ces questions. Biblioth\u00e8que francophone de l\u2019\u00e9cologie sociale, de nombreux documents en fran\u00e7ais sont rassembl\u00e9s ici (qu\u2019il s\u2019agisse ou non de traduction), avec pour ambition d\u2019augmenter leur nombre \u00e0 disposition. Le site cherche \u00e9galement \u00e0 faciliter les \u00e9tudes, les r\u00e9flexions et les projets en relation avec les th\u00e8mes principaux de l\u2019\u00e9cologie sociale.<\/p>\n<hr \/>\n<p>Lien vers le site : <a href=\"https:\/\/www.ecologiesociale.ch\/\" target=\"_blank\" rel=\"noopener\">https:\/\/www.ecologiesociale.ch\/<\/a><\/p>\n<\/div>\n","protected":false},"excerpt":{"rendered":"<p>Portail francophone de l\u2019\u00e9cologie sociale L\u2019\u00e9cologie sociale est une branche de l\u2019\u00e9cologie radicale, th\u00e9oris\u00e9 \u00e0<\/p>\n","protected":false},"author":1,"featured_media":229,"parent":172,"menu_order":0,"comment_status":"closed","ping_status":"closed","template":"","meta":{"footnotes":""},"class_list":["post-228","page","type-page","status-publish","has-post-thumbnail","hentry"],"_links":{"self":[{"href":"https:\/\/www.bascules.social\/index.php?rest_route=\/wp\/v2\/pages\/228","targetHints":{"allow":["GET"]}}],"collection":[{"href":"https:\/\/www.bascules.social\/index.php?rest_route=\/wp\/v2\/pages"}],"about":[{"href":"https:\/\/www.bascules.social\/index.php?rest_route=\/wp\/v2\/types\/page"}],"author":[{"embeddable":true,"href":"https:\/\/www.bascules.social\/index.php?rest_route=\/wp\/v2\/users\/1"}],"replies":[{"embeddable":true,"href":"https:\/\/www.bascules.social\/index.php?rest_route=%2Fwp%2Fv2%2Fcomments&post=228"}],"version-history":[{"count":3,"href":"https:\/\/www.bascules.social\/index.php?rest_route=\/wp\/v2\/pages\/228\/revisions"}],"predecessor-version":[{"id":233,"href":"https:\/\/www.bascules.social\/index.php?rest_route=\/wp\/v2\/pages\/228\/revisions\/233"}],"up":[{"embeddable":true,"href":"https:\/\/www.bascules.social\/index.php?rest_route=\/wp\/v2\/pages\/172"}],"wp:featuredmedia":[{"embeddable":true,"href":"https:\/\/www.bascules.social\/index.php?rest_route=\/wp\/v2\/media\/229"}],"wp:attachment":[{"href":"https:\/\/www.bascules.social\/index.php?rest_route=%2Fwp%2Fv2%2Fmedia&parent=228"}],"curies":[{"name":"wp","href":"https:\/\/api.w.org\/{rel}","templated":true}]}}