{"id":2080,"date":"2026-03-31T12:43:07","date_gmt":"2026-03-31T12:43:07","guid":{"rendered":"https:\/\/www.bascules.social\/?page_id=2080"},"modified":"2026-03-31T12:47:28","modified_gmt":"2026-03-31T12:47:28","slug":"le-partage-collectif-et-nicolas-casaux","status":"publish","type":"page","link":"https:\/\/www.bascules.social\/?page_id=2080","title":{"rendered":"Le Partage (Collectif et Nicolas Casaux)"},"content":{"rendered":"<h2>\u00c0 propos :<\/h2>\n<p style=\"text-align: justify;\">Cela fait d\u00e9sormais plus de 5 ans que notre collectif traduit et publie des textes traitant des principales probl\u00e9matiques de notre temps (\u00e9cologie, f\u00e9minisme, politique, g\u00e9opolitique, ethnologie ou encore anthropologie). Parmi les nombreuses autrices et auteurs nous avons traduits, et pour n\u2019en citer que quelques-uns, mentionnons Lierre Keith, <a href=\"https:\/\/partage-le.com\/fr\/?s=DERRICK+JENSEN\" target=\"_blank\" rel=\"noopener noreferrer\">Derrick Jensen<\/a>, Sheila Jeffreys, <a href=\"https:\/\/partage-le.com\/fr\/?s=Will+Falk\" target=\"_blank\" rel=\"noopener noreferrer\">Will Falk<\/a>, Kathleen Stock, <a href=\"https:\/\/partage-le.com\/fr\/?s=John+Pilger\" target=\"_blank\" rel=\"noopener noreferrer\">John Pilger<\/a>, <a href=\"https:\/\/partage-le.com\/fr\/?s=Chris+hedges\" target=\"_blank\" rel=\"noopener noreferrer\">Chris Hedges<\/a>, Carol Black, Cory Morningstar, Arundhati Roy, Vandana Shiva, Ozzie Zehner, Aric McBay, Fredy Perlman, Max Wilbert, Thomas C. Patterson, et Neil Evernden.<\/p>\n<p style=\"text-align: justify;\">Nous avons \u00e9galement sous-titr\u00e9 et mis en ligne un certain nombre de vid\u00e9os, ayant aussi pour sujet un ou plusieurs des th\u00e8mes pr\u00e9cit\u00e9s, que vous pouvez visionner <a href=\"https:\/\/www.youtube.com\/channel\/UCjI5ayHwe-O3l42vwrJrMnw\" target=\"_blank\" rel=\"noopener noreferrer\">\u00e0 cette adresse<\/a>, dont <a href=\"https:\/\/partage-le.com\/category\/documentaires\/\" target=\"_blank\" rel=\"noopener noreferrer\">plusieurs films documentaires<\/a> : quatre de John Pilger (<a href=\"https:\/\/www.youtube.com\/watch?v=A-Hk-bQTGY8\" target=\"_blank\" rel=\"noopener noreferrer\">Les nouveaux ma\u00eetres du monde<\/a>, <a href=\"https:\/\/partage-le.com\/2015\/07\/la-guerre-contre-la-democratie-john-pilger-2007\/\" target=\"_blank\" rel=\"noopener noreferrer\">La guerre contre la d\u00e9mocratie<\/a>, <a href=\"https:\/\/partage-le.com\/2015\/07\/la-guerre-invisible-john-pilger-2010\/\" target=\"_blank\" rel=\"noopener noreferrer\">La guerre invisible<\/a>, et <a href=\"https:\/\/partage-le.com\/2016\/12\/la-menace-dune-guerre-contre-la-chine-2016\/\" target=\"_blank\" rel=\"noopener noreferrer\">La menace d\u2019une guerre contre la Chine<\/a>), <a href=\"https:\/\/partage-le.com\/2016\/01\/les-quatre-cavaliers-avec-noam-chomsky-joseph-stiglitz-john-perkins-etc\/\" target=\"_blank\" rel=\"noopener noreferrer\">Les quatre cavaliers<\/a> (avec Noam Chomsky), <a href=\"https:\/\/partage-le.com\/2015\/06\/lappel-de-la-vie-faire-face-a-lextinction-de-masse-2010\/\" target=\"_blank\" rel=\"noopener noreferrer\"><em>The Call of Life<\/em> (L\u2019appel de la vie)<\/a> de Monte Thompson (avec Derrick Jensen, Joanna Macy, etc.), <a href=\"https:\/\/partage-le.com\/2015\/06\/le-silence-des-pandas-ce-que-le-wwf-ne-dit-pas\/\" target=\"_blank\" rel=\"noopener noreferrer\">Le silence des pandas<\/a> de Wilfried Huismann (\u00e0 propos du WWF), <a href=\"https:\/\/www.partage-le.com\/2019\/11\/19\/attention-a-la-marche-documentaire\/\" target=\"_blank\" rel=\"noopener noreferrer\"><em>Minding The Gap<\/em> (Attention \u00e0 la marche)<\/a> de Bing Liu, et <a href=\"https:\/\/www.youtube.com\/watch?v=ycN3mVW1fow\" target=\"_blank\" rel=\"noopener noreferrer\"><em>Planet of the Humans<\/em> (Plan\u00e8te des humains)<\/a> de Jeff Gibbs, Ozzie Zehner et Michael Moore. Mais aussi des reportages sur le transgenrisme, dont \u00ab Les enfants trans : il est temps d\u2019en parler \u00bb de Stella O\u2019Malley et \u00ab Enfants transgenres : qui sait mieux ? \u00bb (ces deux-l\u00e0 <a href=\"https:\/\/www.partage-le.com\/2018\/11\/26\/les-enfants-trans-il-est-temps-den-parler-documentaire-realise-par-stella-omalley\/\" target=\"_blank\" rel=\"noopener\">se trouvent ici<\/a>), r\u00e9alis\u00e9 par la BBC et \u00ab Dysphorique \u00bb de Vaishnavi Sundar (<a href=\"https:\/\/www.partage-le.com\/2021\/02\/28\/dysphorique-fuir-la-feminite-comme-une-maison-en-feu-par-vaishnavi-sundar\/\" target=\"_blank\" rel=\"noopener\">\u00e0 retrouver ici<\/a>).<\/p>\n<p style=\"text-align: justify;\">Au travers de tout ceci, nous tentons \u00e0 notre tour, et \u00e0 notre mani\u00e8re, de participer au combat mill\u00e9naire des femmes contre la domination masculine, ainsi qu\u2019\u00e0 la <a href=\"https:\/\/www.partage-le.com\/2015\/07\/04\/les-peuples-contre-letat-6000-ans-devolution-totalitaire-thierry-sallantin\/\" target=\"_blank\" rel=\"noopener noreferrer\">lutte \u00e9galement mill\u00e9naire des peuples contre l\u2019\u00c9tat<\/a>, contre le L\u00e9viathan, <a href=\"https:\/\/www.partage-le.com\/2017\/10\/15\/7993\/\" target=\"_blank\" rel=\"noopener noreferrer\">contre la civilisation<\/a>, <a href=\"https:\/\/www.partage-le.com\/2016\/08\/08\/reflexions-sur-la-nature-totalitaire-de-letat-par-bernard-charbonneau-en-1949\/\" target=\"_blank\" rel=\"noopener noreferrer\">\u00ab pour gagner ces batailles perdues depuis des si\u00e8cles \u00bb<\/a> (Bernard Charbonneau), au nom des \u00eatres humains comme au nom de cette aimable plan\u00e8te et de tous ses h\u00f4tes. Nous aussi, nous sommes <em>la nature qui se d\u00e9fend<\/em>.<\/p>\n<p style=\"text-align: justify;\">Nous \u0153uvrons de mani\u00e8re enti\u00e8rement b\u00e9n\u00e9vole <span class=\"st\">\u2014 en effet, <\/span><a href=\"https:\/\/www.partage-le.com\/2015\/12\/02\/long-isation-de-la-resistance-par-arundhati-roy\/\" target=\"_blank\" rel=\"noopener noreferrer\">\u00ab La vraie r\u00e9sistance a de vrais co\u00fbts, et aucun salaire \u00bb (Arundhati Roy)<\/a>\u00a0<span class=\"st\">\u2014,<\/span> ce qui n\u2019est pas toujours chose ais\u00e9e, puisque, pour certains d\u2019entre nous, nous consacrons une grande partie de notre temps \u00e0 cette activit\u00e9.<\/p>\n<hr \/>\n<p>Lien direct vers le site : https:\/\/www.partage-le.com\/<\/p>\n<h1 style=\"text-align: center;\">Le flux RSS de Le Partage<\/h1>\n<div class=\"wpra-display align\" data-display-id=\"9\" hx-target=\"this\" hx-swap=\"outerHTML\">    <div class=\"wp-rss-aggregator wpra-list-template \">\n        <ul class=\"rss-aggregator wpra-item-list wpra-item-list--bullets wpra-item-list--default\" start=\"1\">\n                <li class=\"wpra-item feed-item \">\n        <a href=\"https:\/\/www.partage-le.com\/2026\/04\/17\/norman-ajari-et-le-technofascisme-selon-les-technocommunistes-par-nicolas-casaux\/?utm_source=rss&amp;utm_medium=rss&amp;utm_campaign=norman-ajari-et-le-technofascisme-selon-les-technocommunistes-par-nicolas-casaux\" class=\"\" target=\"_blank\" rel=\"noopener noreferrer nofollow\" style=\"\">Norman Ajari et le \u00ab\u00a0technofascisme\u00a0\u00bb selon les technocommunistes (par Nicolas Casaux)<\/a>\n\n        <div class=\"wprss-feed-meta\">\n                <span class=\"feed-source\">\n        Source:  <a href=\"https:\/\/www.partage-le.com\/\" class=\"\" target=\"_blank\" rel=\"noopener noreferrer nofollow\" style=\"\">Le Partage<\/a>\n    <\/span>\n                <span class=\"feed-date\">\n        Date:  2026-04-17\n    <\/span>\n            <span class=\"feed-author\">By Nicolas Casaux<\/span>\n        <\/div>\n\n        \n    <\/li>    <li class=\"wpra-item feed-item \">\n        <a href=\"https:\/\/www.partage-le.com\/2026\/03\/31\/joseph-andras-et-lecosocialisme-utopique-par-nicolas-casaux\/?utm_source=rss&amp;utm_medium=rss&amp;utm_campaign=joseph-andras-et-lecosocialisme-utopique-par-nicolas-casaux\" class=\"\" target=\"_blank\" rel=\"noopener noreferrer nofollow\" style=\"\">Joseph Andras et l\u2019\u00e9cosocialisme utopique (par Nicolas Casaux)<\/a>\n\n        <div class=\"wprss-feed-meta\">\n                <span class=\"feed-source\">\n        Source:  <a href=\"https:\/\/www.partage-le.com\/\" class=\"\" target=\"_blank\" rel=\"noopener noreferrer nofollow\" style=\"\">Le Partage<\/a>\n    <\/span>\n                <span class=\"feed-date\">\n        Date:  2026-03-31\n    <\/span>\n            <span class=\"feed-author\">By Nicolas Casaux<\/span>\n        <\/div>\n\n        \n    <\/li>    <li class=\"wpra-item feed-item \">\n        <a href=\"https:\/\/www.partage-le.com\/2026\/03\/20\/romaric-godin-et-le-probleme-a-trois-corps-des-marxistes-par-nicolas-casaux\/?utm_source=rss&amp;utm_medium=rss&amp;utm_campaign=romaric-godin-et-le-probleme-a-trois-corps-des-marxistes-par-nicolas-casaux\" class=\"\" target=\"_blank\" rel=\"noopener noreferrer nofollow\" style=\"\">Romaric Godin et le probl\u00e8me \u00e0 trois corps des marxistes (par Nicolas Casaux)<\/a>\n\n        <div class=\"wprss-feed-meta\">\n                <span class=\"feed-source\">\n        Source:  <a href=\"https:\/\/www.partage-le.com\/\" class=\"\" target=\"_blank\" rel=\"noopener noreferrer nofollow\" style=\"\">Le Partage<\/a>\n    <\/span>\n                <span class=\"feed-date\">\n        Date:  2026-03-20\n    <\/span>\n            <span class=\"feed-author\">By Nicolas Casaux<\/span>\n        <\/div>\n\n        \n    <\/li>    <li class=\"wpra-item feed-item \">\n        <a href=\"https:\/\/www.partage-le.com\/2026\/03\/07\/angela-davis-le-communisme-les-idoles-de-la-gauche-par-nicolas-casaux\/?utm_source=rss&amp;utm_medium=rss&amp;utm_campaign=angela-davis-le-communisme-les-idoles-de-la-gauche-par-nicolas-casaux\" class=\"\" target=\"_blank\" rel=\"noopener noreferrer nofollow\" style=\"\">Angela Davis, le communisme & les idoles de la gauche (par Nicolas Casaux)<\/a>\n\n        <div class=\"wprss-feed-meta\">\n                <span class=\"feed-source\">\n        Source:  <a href=\"https:\/\/www.partage-le.com\/\" class=\"\" target=\"_blank\" rel=\"noopener noreferrer nofollow\" style=\"\">Le Partage<\/a>\n    <\/span>\n                <span class=\"feed-date\">\n        Date:  2026-03-07\n    <\/span>\n            <span class=\"feed-author\">By Nicolas Casaux<\/span>\n        <\/div>\n\n        \n    <\/li>    <li class=\"wpra-item feed-item \">\n        <a href=\"https:\/\/www.partage-le.com\/2026\/02\/28\/francoise-verges-une-imposture-du-feminisme-decolonial-par-audrey-et-anir\/?utm_source=rss&amp;utm_medium=rss&amp;utm_campaign=francoise-verges-une-imposture-du-feminisme-decolonial-par-audrey-et-anir\" class=\"\" target=\"_blank\" rel=\"noopener noreferrer nofollow\" style=\"\">Fran\u00e7oise Verg\u00e8s, une imposture du f\u00e9minisme d\u00e9colonial (par Audrey et Anir)<\/a>\n\n        <div class=\"wprss-feed-meta\">\n                <span class=\"feed-source\">\n        Source:  <a href=\"https:\/\/www.partage-le.com\/\" class=\"\" target=\"_blank\" rel=\"noopener noreferrer nofollow\" style=\"\">Le Partage<\/a>\n    <\/span>\n                <span class=\"feed-date\">\n        Date:  2026-02-28\n    <\/span>\n            <span class=\"feed-author\">By LePartage<\/span>\n        <\/div>\n\n        \n    <\/li>    <li class=\"wpra-item feed-item \">\n        <a href=\"https:\/\/www.partage-le.com\/2026\/01\/30\/samah-karaki-est-elle-une-ia-par-nicolas-casaux\/?utm_source=rss&amp;utm_medium=rss&amp;utm_campaign=samah-karaki-est-elle-une-ia-par-nicolas-casaux\" class=\"\" target=\"_blank\" rel=\"noopener noreferrer nofollow\" style=\"\">Samah Karaki est-elle une IA ? (par Nicolas Casaux)<\/a>\n\n        <div class=\"wprss-feed-meta\">\n                <span class=\"feed-source\">\n        Source:  <a href=\"https:\/\/www.partage-le.com\/\" class=\"\" target=\"_blank\" rel=\"noopener noreferrer nofollow\" style=\"\">Le Partage<\/a>\n    <\/span>\n                <span class=\"feed-date\">\n        Date:  2026-01-30\n    <\/span>\n            <span class=\"feed-author\">By Nicolas Casaux<\/span>\n        <\/div>\n\n        \n    <\/li>    <li class=\"wpra-item feed-item \">\n        <a href=\"https:\/\/www.partage-le.com\/2026\/01\/21\/lecosocialisme-ou-ecomarxisme-lecologie-radicale-du-capitalisme-industriel-par-nicolas-casaux\/?utm_source=rss&amp;utm_medium=rss&amp;utm_campaign=lecosocialisme-ou-ecomarxisme-lecologie-radicale-du-capitalisme-industriel-par-nicolas-casaux\" class=\"\" target=\"_blank\" rel=\"noopener noreferrer nofollow\" style=\"\">L\u2019\u00e9cosocialisme (ou \u00e9comarxisme)\u00a0: l\u2019\u00e9cologie radicale du capitalisme industriel (par Nicolas Casaux)<\/a>\n\n        <div class=\"wprss-feed-meta\">\n                <span class=\"feed-source\">\n        Source:  <a href=\"https:\/\/www.partage-le.com\/\" class=\"\" target=\"_blank\" rel=\"noopener noreferrer nofollow\" style=\"\">Le Partage<\/a>\n    <\/span>\n                <span class=\"feed-date\">\n        Date:  2026-01-21\n    <\/span>\n            <span class=\"feed-author\">By Nicolas Casaux<\/span>\n        <\/div>\n\n        \n    <\/li>\n        <\/ul>\n    <\/div> <\/div>\n","protected":false},"excerpt":{"rendered":"<p>\u00c0 propos : Cela fait d\u00e9sormais plus de 5 ans que notre collectif traduit et<\/p>\n","protected":false},"author":1,"featured_media":2082,"parent":172,"menu_order":5,"comment_status":"closed","ping_status":"closed","template":"","meta":{"footnotes":""},"class_list":["post-2080","page","type-page","status-publish","has-post-thumbnail","hentry"],"_links":{"self":[{"href":"https:\/\/www.bascules.social\/index.php?rest_route=\/wp\/v2\/pages\/2080","targetHints":{"allow":["GET"]}}],"collection":[{"href":"https:\/\/www.bascules.social\/index.php?rest_route=\/wp\/v2\/pages"}],"about":[{"href":"https:\/\/www.bascules.social\/index.php?rest_route=\/wp\/v2\/types\/page"}],"author":[{"embeddable":true,"href":"https:\/\/www.bascules.social\/index.php?rest_route=\/wp\/v2\/users\/1"}],"replies":[{"embeddable":true,"href":"https:\/\/www.bascules.social\/index.php?rest_route=%2Fwp%2Fv2%2Fcomments&post=2080"}],"version-history":[{"count":3,"href":"https:\/\/www.bascules.social\/index.php?rest_route=\/wp\/v2\/pages\/2080\/revisions"}],"predecessor-version":[{"id":2090,"href":"https:\/\/www.bascules.social\/index.php?rest_route=\/wp\/v2\/pages\/2080\/revisions\/2090"}],"up":[{"embeddable":true,"href":"https:\/\/www.bascules.social\/index.php?rest_route=\/wp\/v2\/pages\/172"}],"wp:featuredmedia":[{"embeddable":true,"href":"https:\/\/www.bascules.social\/index.php?rest_route=\/wp\/v2\/media\/2082"}],"wp:attachment":[{"href":"https:\/\/www.bascules.social\/index.php?rest_route=%2Fwp%2Fv2%2Fmedia&parent=2080"}],"curies":[{"name":"wp","href":"https:\/\/api.w.org\/{rel}","templated":true}]}}