{"id":178,"date":"2025-11-19T00:58:03","date_gmt":"2025-11-19T00:58:03","guid":{"rendered":"https:\/\/www.bascules.social\/?page_id=178"},"modified":"2025-12-05T00:35:35","modified_gmt":"2025-12-05T00:35:35","slug":"autonomies-alternatives","status":"publish","type":"page","link":"https:\/\/www.bascules.social\/?page_id=178","title":{"rendered":"Autonomies &#038; Alternatives"},"content":{"rendered":"<p data-start=\"159\" data-end=\"722\">Cette rubrique explore les lieux o\u00f9 s\u2019exp\u00e9rimentent d\u2019autres mani\u00e8res de vivre, de produire, de d\u00e9cider et de prendre soin \u2014 l\u00e0 o\u00f9 des habitants cessent d\u2019attendre que \u00ab le changement \u00bb vienne d\u2019en haut, et commencent \u00e0 construire des institutions \u00e0 leur mesure. Coop\u00e9ratives, communes, assembl\u00e9es populaires, territoires en transition, r\u00e9seaux d\u2019entraide, \u00e9co-villages, r\u00e9gies citoyennes, p\u00e9dagogies \u00e9mancipatrices, monnaies locales : ces initiatives ne rel\u00e8vent pas du folklore ni du bricolage ; elles sont les prototypes d\u2019un monde post-capitaliste en devenir.<\/p>\n<p data-start=\"724\" data-end=\"1200\">L\u2019autonomie n\u2019est pas l\u2019isolement : elle consiste \u00e0 reprendre prise sur ce qui nous affecte, \u00e0 relocaliser les capacit\u00e9s de d\u00e9cision, \u00e0 relier la libert\u00e9 \u00e0 des obligations partag\u00e9es. Ici, nous observons comment des communaut\u00e9s restaurent des communs, mutualisent des ressources, reconstruisent des liens entre technique, \u00e9cologie et autogouvernement. Ces alternatives montrent que la politique ne se r\u00e9duit pas \u00e0 la conqu\u00eate de l\u2019\u00c9tat mais \u00e0 l\u2019organisation concr\u00e8te de la vie.<\/p>\n<p data-start=\"1202\" data-end=\"1687\">Si les \u00ab bascules \u00bb impliquent rupture et invention, c\u2019est dans ces exp\u00e9riences qu\u2019elles prennent forme sensible : un atelier partag\u00e9, une assembl\u00e9e d\u2019habitants, une coop\u00e9rative \u00e9nerg\u00e9tique, une \u00e9cole de quartier, un r\u00e9seau agro\u00e9cologique \u2014 tous ces lieux esquissent une puissance instituante, fragile mais r\u00e9elle. Ils r\u00e9v\u00e8lent que la transformation sociale ne na\u00eet pas d\u2019un grand soir mais d\u2019une multiplication de foyers d\u2019autonomie qui, progressivement, se relient et se conf\u00e9d\u00e8rent.<\/p>\n<p data-start=\"1689\" data-end=\"1956\" data-is-last-node=\"\" data-is-only-node=\"\">Cette rubrique est un observatoire et une caisse de r\u00e9sonance pour ces gestes d\u2019invention collective. Non pour les sacraliser, mais pour comprendre comment ils d\u00e9ploient des conditions d\u2019existence o\u00f9 la libert\u00e9 cesse d\u2019\u00eatre un slogan et devient une pratique partag\u00e9e.<\/p>\n","protected":false},"excerpt":{"rendered":"<p>Cette rubrique explore les lieux o\u00f9 s\u2019exp\u00e9rimentent d\u2019autres mani\u00e8res de vivre, de produire, de d\u00e9cider<\/p>\n","protected":false},"author":1,"featured_media":0,"parent":0,"menu_order":1,"comment_status":"closed","ping_status":"closed","template":"","meta":{"footnotes":""},"class_list":["post-178","page","type-page","status-publish","hentry"],"_links":{"self":[{"href":"https:\/\/www.bascules.social\/index.php?rest_route=\/wp\/v2\/pages\/178","targetHints":{"allow":["GET"]}}],"collection":[{"href":"https:\/\/www.bascules.social\/index.php?rest_route=\/wp\/v2\/pages"}],"about":[{"href":"https:\/\/www.bascules.social\/index.php?rest_route=\/wp\/v2\/types\/page"}],"author":[{"embeddable":true,"href":"https:\/\/www.bascules.social\/index.php?rest_route=\/wp\/v2\/users\/1"}],"replies":[{"embeddable":true,"href":"https:\/\/www.bascules.social\/index.php?rest_route=%2Fwp%2Fv2%2Fcomments&post=178"}],"version-history":[{"count":3,"href":"https:\/\/www.bascules.social\/index.php?rest_route=\/wp\/v2\/pages\/178\/revisions"}],"predecessor-version":[{"id":394,"href":"https:\/\/www.bascules.social\/index.php?rest_route=\/wp\/v2\/pages\/178\/revisions\/394"}],"wp:attachment":[{"href":"https:\/\/www.bascules.social\/index.php?rest_route=%2Fwp%2Fv2%2Fmedia&parent=178"}],"curies":[{"name":"wp","href":"https:\/\/api.w.org\/{rel}","templated":true}]}}